{"id":76,"date":"2023-12-02T12:19:34","date_gmt":"2023-12-02T11:19:34","guid":{"rendered":"http:\/\/localhost\/Ecole%20Sainte%20Coix\/?page_id=76"},"modified":"2023-12-03T22:52:49","modified_gmt":"2023-12-03T21:52:49","slug":"apel","status":"publish","type":"page","link":"https:\/\/www.sainte-croix.org\/?page_id=76","title":{"rendered":"APEL"},"content":{"rendered":"\n<p>L\u2019association des Parents d\u2019El\u00e8ves de l\u2019Enseignement Libre (APEL) est heureuse de vous accueillir dans un \u00e9tablissement de l\u2019enseignement catholique et vous souhaite la bienvenue \u00e0 l\u2019\u00e9cole Ste CROIX.<br>Avec pr\u00e8s de 960 000 adh\u00e9rents, l\u2019APEL est une force de proposition, tant aupr\u00e8s de l\u2019Enseignement catholique qu\u2019aupr\u00e8s de l\u2019Education nationale et des pouvoirs publics.<br>L\u2019APEL est \u00e0 votre service.<\/p>\n\n\n\n<p class=\"has-accent-2-color has-text-color has-link-color wp-elements-92262b78bc3402f51dc53287db663438\"><strong><span style=\"text-decoration: underline;\">L\u2019APEL national :<\/span><\/strong><\/p>\n\n\n\n<p>\u00b7 vous repr\u00e9sente aupr\u00e8s des instances de l\u2019Enseignement Catholique et aupr\u00e8s du Minist\u00e8re de l\u2019Education nationale ;<br>\u00b7 publie, l\u2019excellent magazine des parents d\u2019\u00e9l\u00e8ves de l\u2019enseignement libre : Famille &amp; Education. Journal d\u2019information et de d\u00e9tente, \u00ab FE \u00bb traite de l\u2019actualit\u00e9 scolaire de la maternelle au bac, des relations parents &#8211; enfants, des probl\u00e8mes de soci\u00e9t\u00e9, de l\u2019orientation, sans oublier les loisirs, la vie culturelle, etc. ;<br>\u00b7 anime le site internet APEL Parents : www.apel.fr ;<br>\u00b7 g\u00e8re la plate-forme t\u00e9l\u00e9phonique APEL Service en partenariat avec l\u2019Ecole des Parents et des Educateurs (EPE). Sp\u00e9cialistes de l\u2019\u00e9ducation, psychologues, juristes, etc. r\u00e9pondent aux questions des parents du lundi au vendredi de 10h \u00e0 19h au num\u00e9ro Azur : 0810 255 255.<\/p>\n\n\n\n<p class=\"has-accent-2-color has-text-color has-link-color wp-elements-26535928c169843f1666d914e0e27ca6\"><strong><span style=\"text-decoration: underline;\">L\u2019APEL de l\u2019acad\u00e9mie de Toulouse :<\/span><\/strong><\/p>\n\n\n\n<p>\u00b7 vous repr\u00e9sente aupr\u00e8s des instances acad\u00e9miques de l\u2019Enseignement Catholique, du Rectorat et aupr\u00e8s du Conseil R\u00e9gional ;<br>\u00b7 coordonne au niveau r\u00e9gional le service d\u2019information et de conseil aux familles ;<br>\u00b7 assure la communication aupr\u00e8s de l\u2019\u00e9chelon national et de l\u2019\u00e9chelon d\u00e9partemental.<\/p>\n\n\n\n<p class=\"has-accent-2-color has-text-color has-link-color wp-elements-345c5e5fecbf1accc6a4ce6cc81756d2\"><strong><span style=\"text-decoration: underline;\">L\u2019APEL du Tarn :<\/span><\/strong><\/p>\n\n\n\n<p>\u00b7 vous repr\u00e9sente aupr\u00e8s du Comit\u00e9 Dioc\u00e9sain de l\u2019Enseignement Catholique, aupr\u00e8s du Conseil G\u00e9n\u00e9ral et des pouvoirs publics ;<br>\u00b7 au centre de documentation du SIF (Service d\u2019Information des Familles), une \u00e9quipe de professionnels et de b\u00e9n\u00e9voles form\u00e9s accueille les jeunes et leurs familles pour les guider dans leur recherche d\u2019information sur les \u00e9tudes, les professions, les dipl\u00f4mes, etc. ;<br>\u00b7 le responsable JED (Jeunes et leurs difficult\u00e9s) est \u00e0 l\u2019\u00e9coute des familles et propose des actions de pr\u00e9vention et de sensibilisation dans les \u00e9tablissements. Il renseigne les parents sur les associations, les structures sp\u00e9cialis\u00e9es.<br><\/p>\n\n\n\n<p class=\"has-accent-2-color has-text-color has-link-color wp-elements-5a1c67bd0d64346bd37750da0848d513\"><strong><span style=\"text-decoration: underline;\">A l\u2019\u00e9cole Ste CROIX, l\u2019APEL c\u2019est aussi :<\/span><\/strong><\/p>\n\n\n\n<p>\u00b7 un Pr\u00e9sident m\u00e9diateur entre les parents et le chef d\u2019\u00e9tablissement. Il repr\u00e9sente les parents au conseil d\u2019\u00e9cole de l\u2019\u00e9tablissement ;<br>\u00b7 l\u2019accueil des familles ;<br>\u00b7 l\u2019organisation de soir\u00e9es th\u00e9matiques (repas, d\u00e9bat\u2026) ;<br>\u00b7 l\u2019animation de l\u2019\u00e9cole: vente de chocolats, march\u00e9 de No\u00ebl, loto, soir\u00e9e du printemps, f\u00eate de l\u2019\u00e9cole\u2026<br>\u00b7 la r\u00e9colte de fonds destin\u00e9s \u00e0 am\u00e9liorer le quotidien des enfants : achat de jeux et jouets pour les maternelles, participation aux sorties p\u00e9dagogiques, am\u00e9lioration des locaux\u2026<br>\u00b7 une association dynamique qui accueille de nouveaux parents \u2026<br>Toutes les bonnes volont\u00e9s sont les bienvenues !<\/p>\n\n\n\n<p class=\"has-accent-2-color has-text-color has-link-color wp-elements-e2c425cfb219f9e3a9159a42368dcad6\"><strong>Pour nous contacter une seule adresse mail : stecroix.Lavaur@apel81.fr<\/strong><\/p>\n","protected":false},"excerpt":{"rendered":"<p>L\u2019association des Parents d\u2019El\u00e8ves de l\u2019Enseignement Libre (APEL) est heureuse de vous accueillir dans un \u00e9tablissement de l\u2019enseignement catholique et vous souhaite la bienvenue \u00e0 &hellip;<\/p>\n","protected":false},"author":1,"featured_media":0,"parent":0,"menu_order":0,"comment_status":"closed","ping_status":"closed","template":"","meta":{"footnotes":""},"class_list":["post-76","page","type-page","status-publish","hentry"],"_links":{"self":[{"href":"https:\/\/www.sainte-croix.org\/index.php?rest_route=\/wp\/v2\/pages\/76"}],"collection":[{"href":"https:\/\/www.sainte-croix.org\/index.php?rest_route=\/wp\/v2\/pages"}],"about":[{"href":"https:\/\/www.sainte-croix.org\/index.php?rest_route=\/wp\/v2\/types\/page"}],"author":[{"embeddable":true,"href":"https:\/\/www.sainte-croix.org\/index.php?rest_route=\/wp\/v2\/users\/1"}],"replies":[{"embeddable":true,"href":"https:\/\/www.sainte-croix.org\/index.php?rest_route=%2Fwp%2Fv2%2Fcomments&post=76"}],"version-history":[{"count":5,"href":"https:\/\/www.sainte-croix.org\/index.php?rest_route=\/wp\/v2\/pages\/76\/revisions"}],"predecessor-version":[{"id":142,"href":"https:\/\/www.sainte-croix.org\/index.php?rest_route=\/wp\/v2\/pages\/76\/revisions\/142"}],"wp:attachment":[{"href":"https:\/\/www.sainte-croix.org\/index.php?rest_route=%2Fwp%2Fv2%2Fmedia&parent=76"}],"curies":[{"name":"wp","href":"https:\/\/api.w.org\/{rel}","templated":true}]}}